{"id":26683,"date":"2022-01-07T09:17:11","date_gmt":"2022-01-07T08:17:11","guid":{"rendered":"https:\/\/zivykraj.cz\/?page_id=26683"},"modified":"2022-07-18T09:57:34","modified_gmt":"2022-07-18T07:57:34","slug":"culture-in-the-karlovy-vary-region","status":"publish","type":"page","link":"https:\/\/zivykraj.cz\/en\/culture-in-the-karlovy-vary-region\/","title":{"rendered":"Culture in the Karlovy Vary Region"},"content":{"rendered":"<h3><strong>We will make you a cocktail full of unrepeatable cultural experiences.<\/strong><\/h3>\n<p>The Karlovy Vary Region is the second smallest and has the smallest population of all the regions in the Czech Republic. However, thanks to its nature and to human intervention, an unusually high number of gorgeous natural attractions and historical monuments were created here.<\/p>\n<p>Without a doubt, the greatest gift that this region was endowed with are the vitalizing thermal and cold mineral springs, which source from the ground here on a relatively small surface area. These curative springs are literally the phenomenon of Western Bohemia, and thanks to those who learned how to take advantage of this inexhaustible and rare gift, several world-renowned spa towns were founded in this area, all of which are surrounded by beautiful nature, entice visitors with their interesting architecture and history, and offer a varied social and cultural life.<\/p>\n<p>One of the most noteworthy events and moments of each spa town is the opening of the spa season. The spas bless the wholesome springs and consecrate the healing waters so that they continue to bring health to the many thousands of people who travel to experience their effects each year. However, it is not only the spa towns that offer several music scenes, theatres, museums, and galleries, all which invite you to enjoy an unrepeatable cocktail of cultural experiences.<\/p>\n<p>The world-renowned <a href=\"https:\/\/www.kviff.com\/en\/homepage\">Karlovy Vary International Film Festival<\/a> has a more than seventy-year-long tradition as a place where you can meet with a wide range of the most talented artists and stars of the global film industry each year. Besides them, talented jazz musicians, singers, and interpreters of classical music from around the world throng to the region throughout the year. Thanks to them, the entire region regularly comes alive with a busy cultural programme. The concerts of the Karlovy Vary and Western Bohemian Symphony Orchestras, some of the oldest orchestras in Europe, are sought-out.<\/p>\n<p>Other popular events also include the Wallenstein Festivities and the <a href=\"https:\/\/www.fijo.cz\/fijo\">FIJO International Brass Orchestras Festival<\/a> in Cheb, <a href=\"https:\/\/www.jazzfest.cz\/2021\/?l=en&amp;p=enUvod\">Jazzfest<\/a>, the Folklore Festival and Dvo\u0159\u00e1k\u2019s Autumn Festival, which all take place in Karlovy Vary, the <a href=\"https:\/\/www.festivalostrov.cz\/\">Ota Hofmann Children\u2019s Film Festival<\/a> in Ostrov, the <a href=\"http:\/\/ohnostroje-sokolov.cz\/\">international fireworks festival in Sokolov<\/a>, and the <a href=\"http:\/\/www.chopinfestival.cz\/en\/\">Chopin Festival<\/a> and the <a href=\"https:\/\/www.marienbadfilmfestival.com\/en\/\">Film Festival in Mari\u00e1nsk\u00e9 L\u00e1zn\u011b<\/a>. <a href=\"https:\/\/www.vlny-musicag.cz\/\">The Loket Cultural Summer<\/a>, which presents several concerts of popular interpreters in the venue of the outdoor amphitheatre situated under Loket Castle, is immensely popular, as is the Festival of Lights in Karlovy Vary, which creates an extraordinary audio-visual experience in several places around the town.<\/p>\n\n\t\t<style type=\"text\/css\">\n\t\t\t#gallery-1 {\n\t\t\t\tmargin: auto;\n\t\t\t}\n\t\t\t#gallery-1 .gallery-item {\n\t\t\t\tfloat: left;\n\t\t\t\tmargin-top: 10px;\n\t\t\t\ttext-align: center;\n\t\t\t\twidth: 33%;\n\t\t\t}\n\t\t\t#gallery-1 img {\n\t\t\t\tborder: 2px solid #cfcfcf;\n\t\t\t}\n\t\t\t#gallery-1 .gallery-caption {\n\t\t\t\tmargin-left: 0;\n\t\t\t}\n\t\t\t\/* see gallery_shortcode() in wp-includes\/media.php *\/\n\t\t<\/style>\n\t\t<div id='gallery-1' class='gallery galleryid-26683 gallery-columns-3 gallery-size-fusion-600'><dl class='gallery-item'>\n\t\t\t<dt class='gallery-icon landscape'>\n\t\t\t\t<a data-rel=\"iLightbox[postimages]\" data-title=\"Zah\u00e1jen\u00ed LS_The opening of the spa season (24)\" data-caption=\"\" href='https:\/\/zivykraj.cz\/wp-content\/uploads\/2022\/01\/Zahajeni-LS_The-opening-of-the-spa-season-24.jpg'><img decoding=\"async\" width=\"600\" height=\"400\" src=\"https:\/\/zivykraj.cz\/wp-content\/uploads\/2022\/01\/Zahajeni-LS_The-opening-of-the-spa-season-24-600x400.jpg\" class=\"attachment-fusion-600 size-fusion-600 lazyload\" alt=\"\" srcset=\"data:image\/svg+xml,%3Csvg%20xmlns%3D%27http%3A%2F%2Fwww.w3.org%2F2000%2Fsvg%27%20width%3D%271920%27%20height%3D%271280%27%20viewBox%3D%270%200%201920%201280%27%3E%3Crect%20width%3D%271920%27%20height%3D%271280%27%20fill-opacity%3D%220%22%2F%3E%3C%2Fsvg%3E\" data-orig-src=\"https:\/\/zivykraj.cz\/wp-content\/uploads\/2022\/01\/Zahajeni-LS_The-opening-of-the-spa-season-24-600x400.jpg\" data-srcset=\"https:\/\/zivykraj.cz\/wp-content\/uploads\/2022\/01\/Zahajeni-LS_The-opening-of-the-spa-season-24-200x133.jpg 200w, https:\/\/zivykraj.cz\/wp-content\/uploads\/2022\/01\/Zahajeni-LS_The-opening-of-the-spa-season-24-300x200.jpg 300w, https:\/\/zivykraj.cz\/wp-content\/uploads\/2022\/01\/Zahajeni-LS_The-opening-of-the-spa-season-24-391x260.jpg 391w, https:\/\/zivykraj.cz\/wp-content\/uploads\/2022\/01\/Zahajeni-LS_The-opening-of-the-spa-season-24-400x267.jpg 400w, https:\/\/zivykraj.cz\/wp-content\/uploads\/2022\/01\/Zahajeni-LS_The-opening-of-the-spa-season-24-600x400.jpg 600w, https:\/\/zivykraj.cz\/wp-content\/uploads\/2022\/01\/Zahajeni-LS_The-opening-of-the-spa-season-24-768x512.jpg 768w, https:\/\/zivykraj.cz\/wp-content\/uploads\/2022\/01\/Zahajeni-LS_The-opening-of-the-spa-season-24-800x533.jpg 800w, https:\/\/zivykraj.cz\/wp-content\/uploads\/2022\/01\/Zahajeni-LS_The-opening-of-the-spa-season-24-1024x683.jpg 1024w, https:\/\/zivykraj.cz\/wp-content\/uploads\/2022\/01\/Zahajeni-LS_The-opening-of-the-spa-season-24-1200x800.jpg 1200w, https:\/\/zivykraj.cz\/wp-content\/uploads\/2022\/01\/Zahajeni-LS_The-opening-of-the-spa-season-24-1536x1024.jpg 1536w, https:\/\/zivykraj.cz\/wp-content\/uploads\/2022\/01\/Zahajeni-LS_The-opening-of-the-spa-season-24.jpg 1920w\" data-sizes=\"auto\" \/><\/a>\n\t\t\t<\/dt><\/dl><dl class='gallery-item'>\n\t\t\t<dt class='gallery-icon landscape'>\n\t\t\t\t<a data-rel=\"iLightbox[postimages]\" data-title=\"Zah\u00e1jen\u00ed LS_The opening of the spa season (39)\" data-caption=\"\" href='https:\/\/zivykraj.cz\/wp-content\/uploads\/2022\/01\/Zahajeni-LS_The-opening-of-the-spa-season-39.jpg'><img decoding=\"async\" width=\"600\" height=\"400\" src=\"https:\/\/zivykraj.cz\/wp-content\/uploads\/2022\/01\/Zahajeni-LS_The-opening-of-the-spa-season-39-600x400.jpg\" class=\"attachment-fusion-600 size-fusion-600 lazyload\" alt=\"\" srcset=\"data:image\/svg+xml,%3Csvg%20xmlns%3D%27http%3A%2F%2Fwww.w3.org%2F2000%2Fsvg%27%20width%3D%271920%27%20height%3D%271280%27%20viewBox%3D%270%200%201920%201280%27%3E%3Crect%20width%3D%271920%27%20height%3D%271280%27%20fill-opacity%3D%220%22%2F%3E%3C%2Fsvg%3E\" data-orig-src=\"https:\/\/zivykraj.cz\/wp-content\/uploads\/2022\/01\/Zahajeni-LS_The-opening-of-the-spa-season-39-600x400.jpg\" data-srcset=\"https:\/\/zivykraj.cz\/wp-content\/uploads\/2022\/01\/Zahajeni-LS_The-opening-of-the-spa-season-39-200x133.jpg 200w, https:\/\/zivykraj.cz\/wp-content\/uploads\/2022\/01\/Zahajeni-LS_The-opening-of-the-spa-season-39-300x200.jpg 300w, https:\/\/zivykraj.cz\/wp-content\/uploads\/2022\/01\/Zahajeni-LS_The-opening-of-the-spa-season-39-391x260.jpg 391w, https:\/\/zivykraj.cz\/wp-content\/uploads\/2022\/01\/Zahajeni-LS_The-opening-of-the-spa-season-39-400x267.jpg 400w, https:\/\/zivykraj.cz\/wp-content\/uploads\/2022\/01\/Zahajeni-LS_The-opening-of-the-spa-season-39-600x400.jpg 600w, https:\/\/zivykraj.cz\/wp-content\/uploads\/2022\/01\/Zahajeni-LS_The-opening-of-the-spa-season-39-768x512.jpg 768w, https:\/\/zivykraj.cz\/wp-content\/uploads\/2022\/01\/Zahajeni-LS_The-opening-of-the-spa-season-39-800x533.jpg 800w, https:\/\/zivykraj.cz\/wp-content\/uploads\/2022\/01\/Zahajeni-LS_The-opening-of-the-spa-season-39-1024x683.jpg 1024w, https:\/\/zivykraj.cz\/wp-content\/uploads\/2022\/01\/Zahajeni-LS_The-opening-of-the-spa-season-39-1200x800.jpg 1200w, https:\/\/zivykraj.cz\/wp-content\/uploads\/2022\/01\/Zahajeni-LS_The-opening-of-the-spa-season-39-1536x1024.jpg 1536w, https:\/\/zivykraj.cz\/wp-content\/uploads\/2022\/01\/Zahajeni-LS_The-opening-of-the-spa-season-39.jpg 1920w\" data-sizes=\"auto\" \/><\/a>\n\t\t\t<\/dt><\/dl><dl class='gallery-item'>\n\t\t\t<dt class='gallery-icon landscape'>\n\t\t\t\t<a data-rel=\"iLightbox[postimages]\" data-title=\"u_JK22768\" data-caption=\"\" href='https:\/\/zivykraj.cz\/wp-content\/uploads\/2022\/01\/u_JK22768.jpg'><img decoding=\"async\" width=\"600\" height=\"399\" src=\"https:\/\/zivykraj.cz\/wp-content\/uploads\/2022\/01\/u_JK22768-600x399.jpg\" class=\"attachment-fusion-600 size-fusion-600 lazyload\" alt=\"\" srcset=\"data:image\/svg+xml,%3Csvg%20xmlns%3D%27http%3A%2F%2Fwww.w3.org%2F2000%2Fsvg%27%20width%3D%271920%27%20height%3D%271278%27%20viewBox%3D%270%200%201920%201278%27%3E%3Crect%20width%3D%271920%27%20height%3D%271278%27%20fill-opacity%3D%220%22%2F%3E%3C%2Fsvg%3E\" data-orig-src=\"https:\/\/zivykraj.cz\/wp-content\/uploads\/2022\/01\/u_JK22768-600x399.jpg\" data-srcset=\"https:\/\/zivykraj.cz\/wp-content\/uploads\/2022\/01\/u_JK22768-200x133.jpg 200w, https:\/\/zivykraj.cz\/wp-content\/uploads\/2022\/01\/u_JK22768-300x200.jpg 300w, https:\/\/zivykraj.cz\/wp-content\/uploads\/2022\/01\/u_JK22768-391x260.jpg 391w, https:\/\/zivykraj.cz\/wp-content\/uploads\/2022\/01\/u_JK22768-400x266.jpg 400w, https:\/\/zivykraj.cz\/wp-content\/uploads\/2022\/01\/u_JK22768-600x399.jpg 600w, https:\/\/zivykraj.cz\/wp-content\/uploads\/2022\/01\/u_JK22768-768x511.jpg 768w, https:\/\/zivykraj.cz\/wp-content\/uploads\/2022\/01\/u_JK22768-800x533.jpg 800w, https:\/\/zivykraj.cz\/wp-content\/uploads\/2022\/01\/u_JK22768-1024x682.jpg 1024w, https:\/\/zivykraj.cz\/wp-content\/uploads\/2022\/01\/u_JK22768-1200x799.jpg 1200w, https:\/\/zivykraj.cz\/wp-content\/uploads\/2022\/01\/u_JK22768-1536x1022.jpg 1536w, https:\/\/zivykraj.cz\/wp-content\/uploads\/2022\/01\/u_JK22768.jpg 1920w\" data-sizes=\"auto\" \/><\/a>\n\t\t\t<\/dt><\/dl><br style=\"clear: both\" \/><dl class='gallery-item'>\n\t\t\t<dt class='gallery-icon landscape'>\n\t\t\t\t<a data-rel=\"iLightbox[postimages]\" data-title=\"IMG_4696\" data-caption=\"\" href='https:\/\/zivykraj.cz\/wp-content\/uploads\/2022\/01\/IMG_4696.jpg'><img decoding=\"async\" width=\"600\" height=\"400\" src=\"https:\/\/zivykraj.cz\/wp-content\/uploads\/2022\/01\/IMG_4696-600x400.jpg\" class=\"attachment-fusion-600 size-fusion-600 lazyload\" alt=\"\" srcset=\"data:image\/svg+xml,%3Csvg%20xmlns%3D%27http%3A%2F%2Fwww.w3.org%2F2000%2Fsvg%27%20width%3D%271920%27%20height%3D%271280%27%20viewBox%3D%270%200%201920%201280%27%3E%3Crect%20width%3D%271920%27%20height%3D%271280%27%20fill-opacity%3D%220%22%2F%3E%3C%2Fsvg%3E\" data-orig-src=\"https:\/\/zivykraj.cz\/wp-content\/uploads\/2022\/01\/IMG_4696-600x400.jpg\" data-srcset=\"https:\/\/zivykraj.cz\/wp-content\/uploads\/2022\/01\/IMG_4696-200x133.jpg 200w, https:\/\/zivykraj.cz\/wp-content\/uploads\/2022\/01\/IMG_4696-300x200.jpg 300w, https:\/\/zivykraj.cz\/wp-content\/uploads\/2022\/01\/IMG_4696-391x260.jpg 391w, https:\/\/zivykraj.cz\/wp-content\/uploads\/2022\/01\/IMG_4696-400x267.jpg 400w, https:\/\/zivykraj.cz\/wp-content\/uploads\/2022\/01\/IMG_4696-600x400.jpg 600w, https:\/\/zivykraj.cz\/wp-content\/uploads\/2022\/01\/IMG_4696-768x512.jpg 768w, https:\/\/zivykraj.cz\/wp-content\/uploads\/2022\/01\/IMG_4696-800x533.jpg 800w, https:\/\/zivykraj.cz\/wp-content\/uploads\/2022\/01\/IMG_4696-1024x683.jpg 1024w, https:\/\/zivykraj.cz\/wp-content\/uploads\/2022\/01\/IMG_4696-1200x800.jpg 1200w, https:\/\/zivykraj.cz\/wp-content\/uploads\/2022\/01\/IMG_4696-1536x1024.jpg 1536w, https:\/\/zivykraj.cz\/wp-content\/uploads\/2022\/01\/IMG_4696.jpg 1920w\" data-sizes=\"auto\" \/><\/a>\n\t\t\t<\/dt><\/dl><dl class='gallery-item'>\n\t\t\t<dt class='gallery-icon landscape'>\n\t\t\t\t<a data-rel=\"iLightbox[postimages]\" data-title=\"Foto 2007 \u010d. 09 &#8211; Chebsk\u00e9 dvorky 2007 &#8211; 290_9060\" data-caption=\"\" href='https:\/\/zivykraj.cz\/wp-content\/uploads\/2022\/01\/Foto-2007-c.-09-Chebske-dvorky-2007-290_9060-e1641544454765.jpg'><img decoding=\"async\" width=\"600\" height=\"400\" src=\"https:\/\/zivykraj.cz\/wp-content\/uploads\/2022\/01\/Foto-2007-c.-09-Chebske-dvorky-2007-290_9060-e1641544454765-600x400.jpg\" class=\"attachment-fusion-600 size-fusion-600 lazyload\" alt=\"\" srcset=\"data:image\/svg+xml,%3Csvg%20xmlns%3D%27http%3A%2F%2Fwww.w3.org%2F2000%2Fsvg%27%20width%3D%271920%27%20height%3D%271281%27%20viewBox%3D%270%200%201920%201281%27%3E%3Crect%20width%3D%271920%27%20height%3D%271281%27%20fill-opacity%3D%220%22%2F%3E%3C%2Fsvg%3E\" data-orig-src=\"https:\/\/zivykraj.cz\/wp-content\/uploads\/2022\/01\/Foto-2007-c.-09-Chebske-dvorky-2007-290_9060-e1641544454765-600x400.jpg\" data-srcset=\"https:\/\/zivykraj.cz\/wp-content\/uploads\/2022\/01\/Foto-2007-c.-09-Chebske-dvorky-2007-290_9060-e1641544454765-200x133.jpg 200w, https:\/\/zivykraj.cz\/wp-content\/uploads\/2022\/01\/Foto-2007-c.-09-Chebske-dvorky-2007-290_9060-e1641544454765-300x200.jpg 300w, https:\/\/zivykraj.cz\/wp-content\/uploads\/2022\/01\/Foto-2007-c.-09-Chebske-dvorky-2007-290_9060-e1641544454765-391x260.jpg 391w, https:\/\/zivykraj.cz\/wp-content\/uploads\/2022\/01\/Foto-2007-c.-09-Chebske-dvorky-2007-290_9060-e1641544454765-400x267.jpg 400w, https:\/\/zivykraj.cz\/wp-content\/uploads\/2022\/01\/Foto-2007-c.-09-Chebske-dvorky-2007-290_9060-e1641544454765-600x400.jpg 600w, https:\/\/zivykraj.cz\/wp-content\/uploads\/2022\/01\/Foto-2007-c.-09-Chebske-dvorky-2007-290_9060-e1641544454765-768x512.jpg 768w, https:\/\/zivykraj.cz\/wp-content\/uploads\/2022\/01\/Foto-2007-c.-09-Chebske-dvorky-2007-290_9060-e1641544454765-800x534.jpg 800w, https:\/\/zivykraj.cz\/wp-content\/uploads\/2022\/01\/Foto-2007-c.-09-Chebske-dvorky-2007-290_9060-e1641544454765-1024x683.jpg 1024w, https:\/\/zivykraj.cz\/wp-content\/uploads\/2022\/01\/Foto-2007-c.-09-Chebske-dvorky-2007-290_9060-e1641544454765-1200x801.jpg 1200w, https:\/\/zivykraj.cz\/wp-content\/uploads\/2022\/01\/Foto-2007-c.-09-Chebske-dvorky-2007-290_9060-e1641544454765-1536x1025.jpg 1536w, https:\/\/zivykraj.cz\/wp-content\/uploads\/2022\/01\/Foto-2007-c.-09-Chebske-dvorky-2007-290_9060-e1641544454765.jpg 1920w\" data-sizes=\"auto\" \/><\/a>\n\t\t\t<\/dt><\/dl><dl class='gallery-item'>\n\t\t\t<dt class='gallery-icon landscape'>\n\t\t\t\t<a data-rel=\"iLightbox[postimages]\" data-title=\"Josef Ben\u00edk 2017\" data-caption=\"\" href='https:\/\/zivykraj.cz\/wp-content\/uploads\/2022\/01\/Josef-Benik-2017.jpg'><img decoding=\"async\" width=\"600\" height=\"398\" src=\"https:\/\/zivykraj.cz\/wp-content\/uploads\/2022\/01\/Josef-Benik-2017-600x398.jpg\" class=\"attachment-fusion-600 size-fusion-600 lazyload\" alt=\"\" srcset=\"data:image\/svg+xml,%3Csvg%20xmlns%3D%27http%3A%2F%2Fwww.w3.org%2F2000%2Fsvg%27%20width%3D%271920%27%20height%3D%271272%27%20viewBox%3D%270%200%201920%201272%27%3E%3Crect%20width%3D%271920%27%20height%3D%271272%27%20fill-opacity%3D%220%22%2F%3E%3C%2Fsvg%3E\" data-orig-src=\"https:\/\/zivykraj.cz\/wp-content\/uploads\/2022\/01\/Josef-Benik-2017-600x398.jpg\" data-srcset=\"https:\/\/zivykraj.cz\/wp-content\/uploads\/2022\/01\/Josef-Benik-2017-200x133.jpg 200w, https:\/\/zivykraj.cz\/wp-content\/uploads\/2022\/01\/Josef-Benik-2017-300x199.jpg 300w, https:\/\/zivykraj.cz\/wp-content\/uploads\/2022\/01\/Josef-Benik-2017-391x260.jpg 391w, https:\/\/zivykraj.cz\/wp-content\/uploads\/2022\/01\/Josef-Benik-2017-400x265.jpg 400w, https:\/\/zivykraj.cz\/wp-content\/uploads\/2022\/01\/Josef-Benik-2017-600x398.jpg 600w, https:\/\/zivykraj.cz\/wp-content\/uploads\/2022\/01\/Josef-Benik-2017-768x509.jpg 768w, https:\/\/zivykraj.cz\/wp-content\/uploads\/2022\/01\/Josef-Benik-2017-800x530.jpg 800w, https:\/\/zivykraj.cz\/wp-content\/uploads\/2022\/01\/Josef-Benik-2017-1024x678.jpg 1024w, https:\/\/zivykraj.cz\/wp-content\/uploads\/2022\/01\/Josef-Benik-2017-1200x795.jpg 1200w, https:\/\/zivykraj.cz\/wp-content\/uploads\/2022\/01\/Josef-Benik-2017-1536x1018.jpg 1536w, https:\/\/zivykraj.cz\/wp-content\/uploads\/2022\/01\/Josef-Benik-2017.jpg 1920w\" data-sizes=\"auto\" \/><\/a>\n\t\t\t<\/dt><\/dl><br style=\"clear: both\" \/>\n\t\t<\/div>\n\n<p>&nbsp;<\/p>\n","protected":false},"excerpt":{"rendered":"<p>We will make you a cocktail full of unrepeatable cultural experiences. The Karlovy Vary Region is the second [&hellip;]<\/p>\n","protected":false},"author":1,"featured_media":26679,"parent":0,"menu_order":0,"comment_status":"closed","ping_status":"closed","template":"","meta":{"_acf_changed":false,"inline_featured_image":false,"footnotes":""},"acf":[],"yoast_head":"<!-- This site is optimized with the Yoast SEO plugin v22.3 - https:\/\/yoast.com\/wordpress\/plugins\/seo\/ -->\n<title>Culture in the Karlovy Vary Region | \u017divyKraj.cz<\/title>\n<meta name=\"robots\" content=\"index, follow, max-snippet:-1, max-image-preview:large, max-video-preview:-1\" \/>\n<link rel=\"canonical\" href=\"https:\/\/zivykraj.cz\/en\/culture-in-the-karlovy-vary-region\/\" \/>\n<meta property=\"og:locale\" content=\"en_US\" \/>\n<meta property=\"og:type\" content=\"article\" \/>\n<meta property=\"og:title\" content=\"Culture in the Karlovy Vary Region | \u017divyKraj.cz\" \/>\n<meta property=\"og:description\" content=\"We will make you a cocktail full of unrepeatable cultural experiences. The Karlovy Vary Region is the second [&hellip;]\" \/>\n<meta property=\"og:url\" content=\"https:\/\/zivykraj.cz\/en\/culture-in-the-karlovy-vary-region\/\" \/>\n<meta property=\"og:site_name\" content=\"\u017divyKraj.cz\" \/>\n<meta property=\"article:modified_time\" content=\"2022-07-18T07:57:34+00:00\" \/>\n<meta property=\"og:image\" content=\"https:\/\/zivykraj.cz\/wp-content\/uploads\/2022\/01\/Josef-Benik-2017.jpg\" \/>\n\t<meta property=\"og:image:width\" content=\"1920\" \/>\n\t<meta property=\"og:image:height\" content=\"1272\" \/>\n\t<meta property=\"og:image:type\" content=\"image\/jpeg\" \/>\n<meta name=\"twitter:card\" content=\"summary_large_image\" \/>\n<meta name=\"twitter:label1\" content=\"Est. reading time\" \/>\n\t<meta name=\"twitter:data1\" content=\"2 minutes\" \/>\n<script type=\"application\/ld+json\" class=\"yoast-schema-graph\">{\"@context\":\"https:\/\/schema.org\",\"@graph\":[{\"@type\":\"WebPage\",\"@id\":\"https:\/\/zivykraj.cz\/en\/culture-in-the-karlovy-vary-region\/\",\"url\":\"https:\/\/zivykraj.cz\/en\/culture-in-the-karlovy-vary-region\/\",\"name\":\"Culture in the Karlovy Vary Region | \u017divyKraj.cz\",\"isPartOf\":{\"@id\":\"https:\/\/zivykraj.cz\/en\/#website\"},\"primaryImageOfPage\":{\"@id\":\"https:\/\/zivykraj.cz\/en\/culture-in-the-karlovy-vary-region\/#primaryimage\"},\"image\":{\"@id\":\"https:\/\/zivykraj.cz\/en\/culture-in-the-karlovy-vary-region\/#primaryimage\"},\"thumbnailUrl\":\"https:\/\/zivykraj.cz\/wp-content\/uploads\/2022\/01\/Josef-Benik-2017.jpg\",\"datePublished\":\"2022-01-07T08:17:11+00:00\",\"dateModified\":\"2022-07-18T07:57:34+00:00\",\"breadcrumb\":{\"@id\":\"https:\/\/zivykraj.cz\/en\/culture-in-the-karlovy-vary-region\/#breadcrumb\"},\"inLanguage\":\"en-US\",\"potentialAction\":[{\"@type\":\"ReadAction\",\"target\":[\"https:\/\/zivykraj.cz\/en\/culture-in-the-karlovy-vary-region\/\"]}]},{\"@type\":\"ImageObject\",\"inLanguage\":\"en-US\",\"@id\":\"https:\/\/zivykraj.cz\/en\/culture-in-the-karlovy-vary-region\/#primaryimage\",\"url\":\"https:\/\/zivykraj.cz\/wp-content\/uploads\/2022\/01\/Josef-Benik-2017.jpg\",\"contentUrl\":\"https:\/\/zivykraj.cz\/wp-content\/uploads\/2022\/01\/Josef-Benik-2017.jpg\",\"width\":1920,\"height\":1272},{\"@type\":\"BreadcrumbList\",\"@id\":\"https:\/\/zivykraj.cz\/en\/culture-in-the-karlovy-vary-region\/#breadcrumb\",\"itemListElement\":[{\"@type\":\"ListItem\",\"position\":1,\"name\":\"Home\",\"item\":\"https:\/\/zivykraj.cz\/en\/\"},{\"@type\":\"ListItem\",\"position\":2,\"name\":\"Culture in the Karlovy Vary Region\"}]},{\"@type\":\"WebSite\",\"@id\":\"https:\/\/zivykraj.cz\/en\/#website\",\"url\":\"https:\/\/zivykraj.cz\/en\/\",\"name\":\"\u017divyKraj.cz\",\"description\":\"Turistick\u00fd web - Karlovarsk\u00fd kraj\",\"publisher\":{\"@id\":\"https:\/\/zivykraj.cz\/en\/#organization\"},\"potentialAction\":[{\"@type\":\"SearchAction\",\"target\":{\"@type\":\"EntryPoint\",\"urlTemplate\":\"https:\/\/zivykraj.cz\/en\/?s={search_term_string}\"},\"query-input\":\"required name=search_term_string\"}],\"inLanguage\":\"en-US\"},{\"@type\":\"Organization\",\"@id\":\"https:\/\/zivykraj.cz\/en\/#organization\",\"name\":\"\u017divyKraj.cz\",\"url\":\"https:\/\/zivykraj.cz\/en\/\",\"logo\":{\"@type\":\"ImageObject\",\"inLanguage\":\"en-US\",\"@id\":\"https:\/\/zivykraj.cz\/en\/#\/schema\/logo\/image\/\",\"url\":\"https:\/\/zivykraj.cz\/wp-content\/uploads\/2021\/08\/logo_white.png\",\"contentUrl\":\"https:\/\/zivykraj.cz\/wp-content\/uploads\/2021\/08\/logo_white.png\",\"width\":223,\"height\":59,\"caption\":\"\u017divyKraj.cz\"},\"image\":{\"@id\":\"https:\/\/zivykraj.cz\/en\/#\/schema\/logo\/image\/\"}}]}<\/script>\n<!-- \/ Yoast SEO plugin. -->","yoast_head_json":{"title":"Culture in the Karlovy Vary Region | \u017divyKraj.cz","robots":{"index":"index","follow":"follow","max-snippet":"max-snippet:-1","max-image-preview":"max-image-preview:large","max-video-preview":"max-video-preview:-1"},"canonical":"https:\/\/zivykraj.cz\/en\/culture-in-the-karlovy-vary-region\/","og_locale":"en_US","og_type":"article","og_title":"Culture in the Karlovy Vary Region | \u017divyKraj.cz","og_description":"We will make you a cocktail full of unrepeatable cultural experiences. The Karlovy Vary Region is the second [&hellip;]","og_url":"https:\/\/zivykraj.cz\/en\/culture-in-the-karlovy-vary-region\/","og_site_name":"\u017divyKraj.cz","article_modified_time":"2022-07-18T07:57:34+00:00","og_image":[{"width":1920,"height":1272,"url":"https:\/\/zivykraj.cz\/wp-content\/uploads\/2022\/01\/Josef-Benik-2017.jpg","type":"image\/jpeg"}],"twitter_card":"summary_large_image","twitter_misc":{"Est. reading time":"2 minutes"},"schema":{"@context":"https:\/\/schema.org","@graph":[{"@type":"WebPage","@id":"https:\/\/zivykraj.cz\/en\/culture-in-the-karlovy-vary-region\/","url":"https:\/\/zivykraj.cz\/en\/culture-in-the-karlovy-vary-region\/","name":"Culture in the Karlovy Vary Region | \u017divyKraj.cz","isPartOf":{"@id":"https:\/\/zivykraj.cz\/en\/#website"},"primaryImageOfPage":{"@id":"https:\/\/zivykraj.cz\/en\/culture-in-the-karlovy-vary-region\/#primaryimage"},"image":{"@id":"https:\/\/zivykraj.cz\/en\/culture-in-the-karlovy-vary-region\/#primaryimage"},"thumbnailUrl":"https:\/\/zivykraj.cz\/wp-content\/uploads\/2022\/01\/Josef-Benik-2017.jpg","datePublished":"2022-01-07T08:17:11+00:00","dateModified":"2022-07-18T07:57:34+00:00","breadcrumb":{"@id":"https:\/\/zivykraj.cz\/en\/culture-in-the-karlovy-vary-region\/#breadcrumb"},"inLanguage":"en-US","potentialAction":[{"@type":"ReadAction","target":["https:\/\/zivykraj.cz\/en\/culture-in-the-karlovy-vary-region\/"]}]},{"@type":"ImageObject","inLanguage":"en-US","@id":"https:\/\/zivykraj.cz\/en\/culture-in-the-karlovy-vary-region\/#primaryimage","url":"https:\/\/zivykraj.cz\/wp-content\/uploads\/2022\/01\/Josef-Benik-2017.jpg","contentUrl":"https:\/\/zivykraj.cz\/wp-content\/uploads\/2022\/01\/Josef-Benik-2017.jpg","width":1920,"height":1272},{"@type":"BreadcrumbList","@id":"https:\/\/zivykraj.cz\/en\/culture-in-the-karlovy-vary-region\/#breadcrumb","itemListElement":[{"@type":"ListItem","position":1,"name":"Home","item":"https:\/\/zivykraj.cz\/en\/"},{"@type":"ListItem","position":2,"name":"Culture in the Karlovy Vary Region"}]},{"@type":"WebSite","@id":"https:\/\/zivykraj.cz\/en\/#website","url":"https:\/\/zivykraj.cz\/en\/","name":"\u017divyKraj.cz","description":"Turistick\u00fd web - Karlovarsk\u00fd kraj","publisher":{"@id":"https:\/\/zivykraj.cz\/en\/#organization"},"potentialAction":[{"@type":"SearchAction","target":{"@type":"EntryPoint","urlTemplate":"https:\/\/zivykraj.cz\/en\/?s={search_term_string}"},"query-input":"required name=search_term_string"}],"inLanguage":"en-US"},{"@type":"Organization","@id":"https:\/\/zivykraj.cz\/en\/#organization","name":"\u017divyKraj.cz","url":"https:\/\/zivykraj.cz\/en\/","logo":{"@type":"ImageObject","inLanguage":"en-US","@id":"https:\/\/zivykraj.cz\/en\/#\/schema\/logo\/image\/","url":"https:\/\/zivykraj.cz\/wp-content\/uploads\/2021\/08\/logo_white.png","contentUrl":"https:\/\/zivykraj.cz\/wp-content\/uploads\/2021\/08\/logo_white.png","width":223,"height":59,"caption":"\u017divyKraj.cz"},"image":{"@id":"https:\/\/zivykraj.cz\/en\/#\/schema\/logo\/image\/"}}]}},"_links":{"self":[{"href":"https:\/\/zivykraj.cz\/en\/wp-json\/wp\/v2\/pages\/26683"}],"collection":[{"href":"https:\/\/zivykraj.cz\/en\/wp-json\/wp\/v2\/pages"}],"about":[{"href":"https:\/\/zivykraj.cz\/en\/wp-json\/wp\/v2\/types\/page"}],"author":[{"embeddable":true,"href":"https:\/\/zivykraj.cz\/en\/wp-json\/wp\/v2\/users\/1"}],"replies":[{"embeddable":true,"href":"https:\/\/zivykraj.cz\/en\/wp-json\/wp\/v2\/comments?post=26683"}],"version-history":[{"count":1,"href":"https:\/\/zivykraj.cz\/en\/wp-json\/wp\/v2\/pages\/26683\/revisions"}],"predecessor-version":[{"id":64274,"href":"https:\/\/zivykraj.cz\/en\/wp-json\/wp\/v2\/pages\/26683\/revisions\/64274"}],"wp:featuredmedia":[{"embeddable":true,"href":"https:\/\/zivykraj.cz\/en\/wp-json\/wp\/v2\/media\/26679"}],"wp:attachment":[{"href":"https:\/\/zivykraj.cz\/en\/wp-json\/wp\/v2\/media?parent=26683"}],"curies":[{"name":"wp","href":"https:\/\/api.w.org\/{rel}","templated":true}]}}